{"id":29,"date":"2018-04-14T09:52:33","date_gmt":"2018-04-14T07:52:33","guid":{"rendered":"http:\/\/www.afl85.org\/fr\/one-page-express\/"},"modified":"2024-03-11T20:35:11","modified_gmt":"2024-03-11T19:35:11","slug":"one-page-express","status":"publish","type":"page","link":"https:\/\/www.afl85.org\/fr\/","title":{"rendered":"Front Page"},"content":{"rendered":"<div  class=\"features-coloured-icon-boxes-section\" id=\"overlapable\" style=\"background-color: #ffffff;\" data-id=\"stripped-coloured-icon-boxes\" data-overlap=\"true\" data-label=\"Overlapable\" data-category=\"overlapable\">\n<div  class=\"gridContainer\">\n<div  class=\"features-coloured-icon-boxes-innerrow flexbox-list dark-text\" data-type=\"row\">\n<div  class=\"features-coloured-icon-boxes-featurecol cp3cols\">\n<h4  class=\"\">Pays Yonnais<\/h4>\n<div  class=\"features-coloured-icon-boxes-iconcontainer\" data-content-item-container=\"true\"><i  class=\"features-coloured-icon fa fa-500px\" data-cp-fa=\"true\"><\/i><\/div>\n<p  class=\"\">\u2026\/\u2026<\/p>\n<a class=\"features-coloured-button\" href=\"https:\/\/www.afl85.org\/fr\/PY\" target=\"_self\" rel=\"noopener\">aller sur le site<\/a>\n\n<\/div>\n<div  class=\"features-coloured-icon-boxes-featurecol cp3cols\">\n<div  class=\"features-coloured-icon-boxes-iconcontainer\" data-content-item-container=\"true\"><i  class=\"features-coloured-icon fa fa-anchor\" data-cp-fa=\"true\"><\/i><\/div>\n<h4  class=\"\">Entre terre et Mer<\/h4>\n<p  class=\"\">\u2026\/\u2026<\/p>\n<a class=\"features-coloured-button\" href=\"https:\/\/www.afl85.org\/fr\" target=\"_self\" rel=\"noopener\">En sommeil<\/a>\n\n<\/div>\n<div  class=\"features-coloured-icon-boxes-featurecol cp3cols\">\n<h4  class=\"\">Pays des achards<\/h4>\n<div  class=\"features-coloured-icon-boxes-iconcontainer\" data-content-item-container=\"true\"><i  class=\"features-coloured-icon fa fa-amazon\" data-cp-fa=\"true\"><\/i><\/div>\n<p  class=\"\">\u2026\/\u2026<\/p>\n<a class=\"features-coloured-button\" href=\"https:\/\/www.afl85.org\/fr\/PA\" target=\"_self\" rel=\"noopener\">aller sur le site<\/a>\n\n<\/div>\n<div  class=\"features-coloured-icon-boxes-featurecol cp3cols\">\n<div  class=\"features-coloured-icon-boxes-iconcontainer\" data-content-item-container=\"true\"><i  class=\"features-coloured-icon fa fa-pie-chart\" data-cp-fa=\"true\"><\/i><\/div>\n<h4  class=\"\">Sud Vend\u00e9e<\/h4>\n<p  class=\"\">\/<\/p>\n<a class=\"features-coloured-button\" href=\"https:\/\/www.afl85.org\/fr\/sv\" target=\"_self\" rel=\"noopener\">ALLER SUR LE SITE<\/a>\n\n<\/div>\n<\/div>\n<\/div>\n<\/div><div  data-label=\"Les actions\" data-id=\"blog-section\" data-category=\"latest_news\" class=\"blog-section\" style=\"background-color: #f6f6f6;\" id=\"les-actions-1\">\n<div  class=\"gridContainer\">\n<div  class=\"blog-textrow\">\n<div  class=\"blog-textcol dynamic-color\" data-type=\"column\">\n<h2  class=\"\">Les conf\u00e9rences<\/h2>\n<\/div>\n<\/div>\n<div  class=\"blog-postsrow dark-text\" data-type=\"row\" data-dynamic-columns=\"one_page_express_latest_news_columns\" data-content-shortcode=\"one_page_express_latest_news\">\t\t\t<div id=\"post-245\" class=\"blog-postcol cp4cols\">\n\t\t\t<div class=\"post-content\">\n\t\t\t\t\t\t\t\t\t<a class=\"post-list-item-thumb\" href=\"https:\/\/www.afl85.org\/fr\/blog\/fin-de-vie-ludaf85-vous-propose-une-conference-debat\/\">\n\t\t\t\t\t\t<img loading=\"lazy\" decoding=\"async\" width=\"760\" height=\"490\" src=\"https:\/\/www.afl85.org\/fr\/wp-content\/uploads\/2024\/03\/udaf85.jpg\" class=\"attachment-post-thumbnail size-post-thumbnail wp-post-image\" alt=\"\" srcset=\"https:\/\/www.afl85.org\/fr\/wp-content\/uploads\/2024\/03\/udaf85.jpg 760w, https:\/\/www.afl85.org\/fr\/wp-content\/uploads\/2024\/03\/udaf85-300x193.jpg 300w, https:\/\/www.afl85.org\/fr\/wp-content\/uploads\/2024\/03\/udaf85-150x97.jpg 150w\" sizes=\"auto, (max-width: 760px) 100vw, 760px\" \/>\t\t\t\t\t<\/a>\n\t\t\t\t\t\t\t\t<div class=\"row_345\">\n\t\t\t\t\t<h3 class=\"blog-title\">\n\t\t\t\t\t\t<a href=\"https:\/\/www.afl85.org\/fr\/blog\/fin-de-vie-ludaf85-vous-propose-une-conference-debat\/\" rel=\"bookmark\">\n\t\t\t\t\t\t\tFin de vie : l&rsquo;UDAF85 vous propose une conf\u00e9rence-d\u00e9bat\t\t\t\t\t\t<\/a>\n\t\t\t\t\t<\/h3>\n\t\t\t\t\t<p>le 28 mars \u00e0 la Maison des Familles L&rsquo;Udaf de la Vend\u00e9e vous invite \u00e0 sa conf\u00e9rence-d\u00e9bat sur la fin de vie qui aura lieu le jeudi 28 mars 2024[&hellip;]<\/p>\n\t\t\t\t\t<a class=\"button blue small\" href=\"https:\/\/www.afl85.org\/fr\/blog\/fin-de-vie-ludaf85-vous-propose-une-conference-debat\/\">\n\t\t\t\t\t\t<span data-theme=\"one_page_express_latest_news_read_more\">Read more<\/span>\n\t\t\t\t\t<\/a>\n\t\t\t\t\t<hr class=\"blog-separator\">\n<div class=\"post-header\">\n    <i class=\"font-icon-post fa fa-user\"><\/i>\n    <a href=\"https:\/\/www.afl85.org\/fr\/blog\/author\/sguyet\/\" title=\"Articles par sguyet\" rel=\"author\">sguyet<\/a>    <i class=\"font-icon-post fa fa-calendar\"><\/i>\n    <span class=\"span12\">11 mars 2024<\/span>\n\n    <i class=\"font-icon-post fa fa-comment-o\"><\/i>\n    <span>0<\/span>\n<\/div>\t\t\t\t<\/div>\n\t\t\t<\/div>\n\t\t<\/div>\n\t\t\t\t<div id=\"post-254\" class=\"blog-postcol cp4cols\">\n\t\t\t<div class=\"post-content\">\n\t\t\t\t\t\t\t\t\t<a class=\"post-list-item-thumb\" href=\"https:\/\/www.afl85.org\/fr\/blog\/254\/\">\n\t\t\t\t\t\t<img loading=\"lazy\" decoding=\"async\" width=\"1024\" height=\"1467\" src=\"https:\/\/www.afl85.org\/fr\/wp-content\/uploads\/2024\/03\/affiche-2023-11-22-1024x1467.jpg\" class=\"attachment-post-thumbnail size-post-thumbnail wp-post-image\" alt=\"\" srcset=\"https:\/\/www.afl85.org\/fr\/wp-content\/uploads\/2024\/03\/affiche-2023-11-22-1024x1467.jpg 1024w, https:\/\/www.afl85.org\/fr\/wp-content\/uploads\/2024\/03\/affiche-2023-11-22-209x300.jpg 209w, https:\/\/www.afl85.org\/fr\/wp-content\/uploads\/2024\/03\/affiche-2023-11-22-715x1024.jpg 715w, https:\/\/www.afl85.org\/fr\/wp-content\/uploads\/2024\/03\/affiche-2023-11-22-105x150.jpg 105w, https:\/\/www.afl85.org\/fr\/wp-content\/uploads\/2024\/03\/affiche-2023-11-22-768x1101.jpg 768w, https:\/\/www.afl85.org\/fr\/wp-content\/uploads\/2024\/03\/affiche-2023-11-22-1072x1536.jpg 1072w, https:\/\/www.afl85.org\/fr\/wp-content\/uploads\/2024\/03\/affiche-2023-11-22-1429x2048.jpg 1429w, https:\/\/www.afl85.org\/fr\/wp-content\/uploads\/2024\/03\/affiche-2023-11-22-754x1080.jpg 754w, https:\/\/www.afl85.org\/fr\/wp-content\/uploads\/2024\/03\/affiche-2023-11-22-scaled.jpg 1786w\" sizes=\"auto, (max-width: 1024px) 100vw, 1024px\" \/>\t\t\t\t\t<\/a>\n\t\t\t\t\t\t\t\t<div class=\"row_345\">\n\t\t\t\t\t<h3 class=\"blog-title\">\n\t\t\t\t\t\t<a href=\"https:\/\/www.afl85.org\/fr\/blog\/254\/\" rel=\"bookmark\">\n\t\t\t\t\t\t\tUne famille La\u00efque c&rsquo;est ?\t\t\t\t\t\t<\/a>\n\t\t\t\t\t<\/h3>\n\t\t\t\t\t\t\t\t\t\t<a class=\"button blue small\" href=\"https:\/\/www.afl85.org\/fr\/blog\/254\/\">\n\t\t\t\t\t\t<span data-theme=\"one_page_express_latest_news_read_more\">Read more<\/span>\n\t\t\t\t\t<\/a>\n\t\t\t\t\t<hr class=\"blog-separator\">\n<div class=\"post-header\">\n    <i class=\"font-icon-post fa fa-user\"><\/i>\n    <a href=\"https:\/\/www.afl85.org\/fr\/blog\/author\/sguyet\/\" title=\"Articles par sguyet\" rel=\"author\">sguyet<\/a>    <i class=\"font-icon-post fa fa-calendar\"><\/i>\n    <span class=\"span12\">22 novembre 2023<\/span>\n\n    <i class=\"font-icon-post fa fa-comment-o\"><\/i>\n    <span>0<\/span>\n<\/div>\t\t\t\t<\/div>\n\t\t\t<\/div>\n\t\t<\/div>\n\t\t\t\t<div id=\"post-236\" class=\"blog-postcol cp4cols\">\n\t\t\t<div class=\"post-content\">\n\t\t\t\t\t\t\t\t\t<a class=\"post-list-item-thumb\" href=\"https:\/\/www.afl85.org\/fr\/blog\/31-mars-maison-des-familles-a-18h\/\">\n\t\t\t\t\t\t<img loading=\"lazy\" decoding=\"async\" width=\"850\" height=\"1219\" src=\"https:\/\/www.afl85.org\/fr\/wp-content\/uploads\/2023\/03\/affiche-Web-2023-03-31.jpg\" class=\"attachment-post-thumbnail size-post-thumbnail wp-post-image\" alt=\"\" srcset=\"https:\/\/www.afl85.org\/fr\/wp-content\/uploads\/2023\/03\/affiche-Web-2023-03-31.jpg 850w, https:\/\/www.afl85.org\/fr\/wp-content\/uploads\/2023\/03\/affiche-Web-2023-03-31-209x300.jpg 209w, https:\/\/www.afl85.org\/fr\/wp-content\/uploads\/2023\/03\/affiche-Web-2023-03-31-714x1024.jpg 714w, https:\/\/www.afl85.org\/fr\/wp-content\/uploads\/2023\/03\/affiche-Web-2023-03-31-105x150.jpg 105w, https:\/\/www.afl85.org\/fr\/wp-content\/uploads\/2023\/03\/affiche-Web-2023-03-31-768x1101.jpg 768w, https:\/\/www.afl85.org\/fr\/wp-content\/uploads\/2023\/03\/affiche-Web-2023-03-31-753x1080.jpg 753w\" sizes=\"auto, (max-width: 850px) 100vw, 850px\" \/>\t\t\t\t\t<\/a>\n\t\t\t\t\t\t\t\t<div class=\"row_345\">\n\t\t\t\t\t<h3 class=\"blog-title\">\n\t\t\t\t\t\t<a href=\"https:\/\/www.afl85.org\/fr\/blog\/31-mars-maison-des-familles-a-18h\/\" rel=\"bookmark\">\n\t\t\t\t\t\t\t31 mars Maison des Familles \u00e0 18h\t\t\t\t\t\t<\/a>\n\t\t\t\t\t<\/h3>\n\t\t\t\t\t<p>Maison des Familles UDAF85 Bd des \u00c9tats Unis 85000 La Roche-sur-Yon Pr\u00e9sentation du cahier des Familles La\u00efques \u00ab\u00a0une famille la\u00efque c&rsquo;est ?\u00a0\u00bb En pr\u00e9sence de contributrices &amp; contributeurs \u00e0 l\u2019\u00e9criture[&hellip;]<\/p>\n\t\t\t\t\t<a class=\"button blue small\" href=\"https:\/\/www.afl85.org\/fr\/blog\/31-mars-maison-des-familles-a-18h\/\">\n\t\t\t\t\t\t<span data-theme=\"one_page_express_latest_news_read_more\">Read more<\/span>\n\t\t\t\t\t<\/a>\n\t\t\t\t\t<hr class=\"blog-separator\">\n<div class=\"post-header\">\n    <i class=\"font-icon-post fa fa-user\"><\/i>\n    <a href=\"https:\/\/www.afl85.org\/fr\/blog\/author\/sguyet\/\" title=\"Articles par sguyet\" rel=\"author\">sguyet<\/a>    <i class=\"font-icon-post fa fa-calendar\"><\/i>\n    <span class=\"span12\">11 mars 2023<\/span>\n\n    <i class=\"font-icon-post fa fa-comment-o\"><\/i>\n    <span>0<\/span>\n<\/div>\t\t\t\t<\/div>\n\t\t\t<\/div>\n\t\t<\/div>\n\t\t<\/div>\n<div  class=\"blog-textcol\"><a  class=\"button blue\" data-attr-shortcode=\"href:one_page_express_blog_link\" href=\"https:\/\/www.afl85.org\/fr\/blog\/\">SEE ALL BLOG POSTS<\/a><\/div>\n<\/div>\n<\/div><div  class=\"about-big-images-section\" id=\"accompagnement\" style=\"background-color: #f6f6f6;\" data-id=\"about-big-images-section\" data-label=\"Accompagnement\" data-category=\"about\">\n<div  class=\"gridContainer\">\n<div  class=\"about-big-images-textrow\">\n<div  class=\"about-big-images-textcol dynamic-color\" data-type=\"column\">\n<h5  class=\"\"><\/h5>\n<h3  class=\"\">Pour vous accompagner<\/h3>\n<a class=\"button blue big\" href=\"http:\/\/www.cnafal.org\/infoconso\" target=\"_self\" rel=\"noopener\">Info Consommateurs <\/a>\n\n<\/div>\n<\/div>\n<\/div>\n<div  class=\"about-big-images-bottomrow\">\n<div  class=\"about-big-images-leftimgcol\"><img  decoding=\"async\" class=\"about-big-images-leftimg\" src=\"http:\/\/www.afl85.org\/fr\/wp-content\/uploads\/2018\/08\/afl85-e1535722866602.jpg\"><\/div>\n<div  class=\"about-big-images-centerimgcol\"><img  decoding=\"async\" class=\"about-big-images-centerimg\" src=\"http:\/\/www.afl85.org\/fr\/wp-content\/uploads\/2018\/04\/espresso.jpg\"><\/div>\n<div  class=\"about-big-images-rightimgcol\"><img  decoding=\"async\" class=\"about-big-images-rightimg\" src=\"http:\/\/www.afl85.org\/fr\/wp-content\/plugins\/one-page-express-companion\/theme-data\/one-page-express\/sections\/images\/project1.jpg\"><\/div>\n<\/div>\n<\/div>","protected":false},"excerpt":{"rendered":"<p>Pays Yonnais \u2026\/\u2026 aller sur le site Entre terre et Mer \u2026\/\u2026 En sommeil Pays des achards \u2026\/\u2026 aller sur le site Sud Vend\u00e9e \/ ALLER SUR LE SITE Les conf\u00e9rences SEE ALL BLOG POSTS Pour vous accompagner Info Consommateurs<\/p>\n","protected":false},"author":1,"featured_media":0,"parent":0,"menu_order":0,"comment_status":"closed","ping_status":"closed","template":"","meta":{"footnotes":""},"class_list":["post-29","page","type-page","status-publish","hentry"],"_links":{"self":[{"href":"https:\/\/www.afl85.org\/fr\/wp-json\/wp\/v2\/pages\/29","targetHints":{"allow":["GET"]}}],"collection":[{"href":"https:\/\/www.afl85.org\/fr\/wp-json\/wp\/v2\/pages"}],"about":[{"href":"https:\/\/www.afl85.org\/fr\/wp-json\/wp\/v2\/types\/page"}],"author":[{"embeddable":true,"href":"https:\/\/www.afl85.org\/fr\/wp-json\/wp\/v2\/users\/1"}],"replies":[{"embeddable":true,"href":"https:\/\/www.afl85.org\/fr\/wp-json\/wp\/v2\/comments?post=29"}],"version-history":[{"count":21,"href":"https:\/\/www.afl85.org\/fr\/wp-json\/wp\/v2\/pages\/29\/revisions"}],"predecessor-version":[{"id":260,"href":"https:\/\/www.afl85.org\/fr\/wp-json\/wp\/v2\/pages\/29\/revisions\/260"}],"wp:attachment":[{"href":"https:\/\/www.afl85.org\/fr\/wp-json\/wp\/v2\/media?parent=29"}],"curies":[{"name":"wp","href":"https:\/\/api.w.org\/{rel}","templated":true}]}}