{"id":49,"date":"2018-09-27T17:06:22","date_gmt":"2018-09-27T15:06:22","guid":{"rendered":"http:\/\/www.afl85.org\/fr\/py\/?page_id=49"},"modified":"2019-03-18T09:06:14","modified_gmt":"2019-03-18T08:06:14","slug":"consommmateur","status":"publish","type":"page","link":"https:\/\/www.afl85.org\/fr\/py\/consommmateur\/","title":{"rendered":"CONSOMMMATEUR"},"content":{"rendered":"<div id=\"pl-49\"  class=\"panel-layout\" ><div id=\"pg-49-0\"  class=\"panel-grid panel-no-style\" ><div id=\"pgc-49-0-0\"  class=\"panel-grid-cell\" ><div id=\"panel-49-0-0-0\" class=\"so-panel widget widget_text panel-first-child panel-last-child\" data-index=\"0\" >\t\t\t<div class=\"textwidget\"><p><strong><em>\u00c9coute, Aide, Conseils <\/em><\/strong><strong><em>et D\u00e9fense des Consommateurs<\/em><\/strong><\/p>\n<p><strong>\u00a0<\/strong><strong>\u00a0<\/strong><\/p>\n<p><strong>Planning accueil<\/strong><\/p>\n<p><strong>Le premier lundi matin de chaque mois<\/strong><\/p>\n<p><strong>Horaires 10h00 \u00e0 12h30 <\/strong><strong>et sur rendez-vous<\/strong><\/p>\n<p><strong>Lieu de l\u2019accueil\u00a0 :<\/strong><\/p>\n<p><strong>Annexe Maison de Quartier Vall\u00e9e Verte<\/strong><\/p>\n<p><strong>R\u00e9sidence la Vigne aux Roses B\u00e2timent H<\/strong><\/p>\n<p><strong>Rue Launois<\/strong><\/p>\n<p><strong>\u00a085000 LA ROCHE-SUR-YON<\/strong><\/p>\n<p>&nbsp;<\/p>\n<p><strong>Pour tous renseignements,<\/strong><\/p>\n<p><strong>n\u2019h\u00e9sitez pas \u00e0 nous contacter : <\/strong>T\u00e9l\u00e9phone 07 82 22 33 74\u00a0 Mail : py[AT]afl85.org<\/p>\n<p><strong>NOS PARTENAIRES <\/strong><strong>PUBLICS<\/strong><\/p>\n<p><strong>\u00a0<\/strong><strong>Le CNAFAL et les pouvoirs publics : <\/strong>Le CNAFAL travaille avec les services publics afin de mieux vous d\u00e9fendre au quotidien. Il dispose de plusieurs agr\u00e9ments, signe de son implication dans la d\u00e9fense des familles.<\/p>\n<ul>\n<li>Un <strong>agr\u00e9ment UNAF<\/strong> qui lui donne sa l\u00e9gitimit\u00e9 en tant que grande association familiale.<\/li>\n<li>Un <strong>agr\u00e9ment association de consommateurs<\/strong> qui lui permet de repr\u00e9senter ses adh\u00e9rents dans les conflits qui les opposent \u00e0 des professionnels.<\/li>\n<li>Un <strong>agr\u00e9ment \u00e9ducation nationale<\/strong> qui lui permet d\u2019intervenir au sein des \u00e9coles pour partager ses connaissances et ses valeurs.<\/li>\n<li>Un <strong>agr\u00e9ment Jeunesse et Sport et \u00e9ducation<\/strong> <strong>populaire<\/strong> qui reconna\u00eet la valeur de l\u2019association aupr\u00e8s du minist\u00e8re.<\/li>\n<\/ul>\n<p>&nbsp;<\/p>\n<\/div>\n\t\t<\/div><\/div><\/div><\/div>","protected":false},"excerpt":{"rendered":"<p>\u00c9coute, Aide, Conseils et D\u00e9fense des Consommateurs \u00a0\u00a0 Planning accueil Le premier lundi matin de chaque mois Horaires 10h00 \u00e0 &hellip; <\/p>\n","protected":false},"author":4,"featured_media":0,"parent":0,"menu_order":0,"comment_status":"closed","ping_status":"closed","template":"","meta":{"footnotes":""},"class_list":["post-49","page","type-page","status-publish","hentry"],"_links":{"self":[{"href":"https:\/\/www.afl85.org\/fr\/py\/wp-json\/wp\/v2\/pages\/49","targetHints":{"allow":["GET"]}}],"collection":[{"href":"https:\/\/www.afl85.org\/fr\/py\/wp-json\/wp\/v2\/pages"}],"about":[{"href":"https:\/\/www.afl85.org\/fr\/py\/wp-json\/wp\/v2\/types\/page"}],"author":[{"embeddable":true,"href":"https:\/\/www.afl85.org\/fr\/py\/wp-json\/wp\/v2\/users\/4"}],"replies":[{"embeddable":true,"href":"https:\/\/www.afl85.org\/fr\/py\/wp-json\/wp\/v2\/comments?post=49"}],"version-history":[{"count":12,"href":"https:\/\/www.afl85.org\/fr\/py\/wp-json\/wp\/v2\/pages\/49\/revisions"}],"predecessor-version":[{"id":198,"href":"https:\/\/www.afl85.org\/fr\/py\/wp-json\/wp\/v2\/pages\/49\/revisions\/198"}],"wp:attachment":[{"href":"https:\/\/www.afl85.org\/fr\/py\/wp-json\/wp\/v2\/media?parent=49"}],"curies":[{"name":"wp","href":"https:\/\/api.w.org\/{rel}","templated":true}]}}